{"id":1246,"date":"2021-02-17T12:01:59","date_gmt":"2021-02-17T11:01:59","guid":{"rendered":"https:\/\/www.cimiteroebraicogorizia.eu\/rassegna-stampa\/"},"modified":"2021-05-10T14:15:51","modified_gmt":"2021-05-10T12:15:51","slug":"pregled-tiska","status":"publish","type":"page","link":"https:\/\/www.cimiteroebraicogorizia.eu\/sl\/pregled-tiska\/","title":{"rendered":"PREGLED TISKA"},"content":{"rendered":"\t\t<div data-elementor-type=\"wp-page\" data-elementor-id=\"1246\" class=\"elementor elementor-1246 elementor-341\" data-elementor-settings=\"[]\">\n\t\t\t\t\t\t<div class=\"elementor-inner\">\n\t\t\t\t\t\t\t<div class=\"elementor-section-wrap\">\n\t\t\t\t\t\t\t<section class=\"elementor-section elementor-top-section elementor-element elementor-element-67313592 elementor-section-full_width elementor-section-stretched elementor-section-height-default elementor-section-height-default\" data-id=\"67313592\" data-element_type=\"section\" data-settings=\"{&quot;stretch_section&quot;:&quot;section-stretched&quot;,&quot;background_background&quot;:&quot;classic&quot;}\">\n\t\t\t\t\t\t\t<div class=\"elementor-background-overlay\"><\/div>\n\t\t\t\t\t\t\t<div class=\"elementor-container elementor-column-gap-default\">\n\t\t\t\t\t\t\t<div class=\"elementor-row\">\n\t\t\t\t\t<div class=\"elementor-column elementor-col-100 elementor-top-column elementor-element elementor-element-7546fe38\" data-id=\"7546fe38\" data-element_type=\"column\">\n\t\t\t<div class=\"elementor-column-wrap elementor-element-populated\">\n\t\t\t\t\t\t\t<div class=\"elementor-widget-wrap\">\n\t\t\t\t\t\t<div class=\"elementor-element elementor-element-26a978e5 elementor-invisible elementor-widget elementor-widget-heading\" data-id=\"26a978e5\" data-element_type=\"widget\" data-settings=\"{&quot;_animation&quot;:&quot;fadeIn&quot;,&quot;_animation_delay&quot;:100}\" data-widget_type=\"heading.default\">\n\t\t\t\t<div class=\"elementor-widget-container\">\n\t\t\t<h2 class=\"elementor-heading-title elementor-size-default\">PREGLED TISKA\n<\/h2>\t\t<\/div>\n\t\t\t\t<\/div>\n\t\t\t\t\t\t<\/div>\n\t\t\t\t\t<\/div>\n\t\t<\/div>\n\t\t\t\t\t\t\t\t<\/div>\n\t\t\t\t\t<\/div>\n\t\t<\/section>\n\t\t\t\t<section class=\"elementor-section elementor-top-section elementor-element elementor-element-ec0bdae elementor-section-boxed elementor-section-height-default elementor-section-height-default\" data-id=\"ec0bdae\" data-element_type=\"section\">\n\t\t\t\t\t\t<div class=\"elementor-container elementor-column-gap-default\">\n\t\t\t\t\t\t\t<div class=\"elementor-row\">\n\t\t\t\t\t<div class=\"elementor-column elementor-col-100 elementor-top-column elementor-element elementor-element-b1a4569\" data-id=\"b1a4569\" data-element_type=\"column\">\n\t\t\t<div class=\"elementor-column-wrap elementor-element-populated\">\n\t\t\t\t\t\t\t<div class=\"elementor-widget-wrap\">\n\t\t\t\t\t\t<div class=\"elementor-element elementor-element-f28b8de elementor-widget elementor-widget-jet-images-layout\" data-id=\"f28b8de\" data-element_type=\"widget\" data-widget_type=\"jet-images-layout.default\">\n\t\t\t\t<div class=\"elementor-widget-container\">\n\t\t\t<div class=\"elementor-jet-images-layout jet-elements\">\n<div class=\"jet-images-layout layout-type-grid\" data-settings='{\"layoutType\":\"grid\",\"columns\":\"3\",\"columnsTablet\":\"2\",\"columnsMobile\":\"\",\"justifyHeight\":300}'>\n\t<div class=\"jet-images-layout__list col-row disable-cols-gap disable-rows-gap column-desktop-3 column-tablet-2 column-mobile-1\" >\n<div class=\"jet-images-layout__item col-desk-3 col-tab-2\">\n\t<div class=\"jet-images-layout__inner\">\n\t\t<div class=\"jet-images-layout__image-loader\"><span><\/span><\/div>\n\t\t<a class=\"jet-images-layout__link \" href=\"https:\/\/www.academia.edu\/45329583\/_Friuli_Venezia_Giulia_e_Slovenia_due_territori_per_una_unica_storia_multiculturale_la_comunit\u00e0_ebraica_di_Gorizia_e_il_progetto_di_restauro_del_suo_antico_cimitero_di_Valdirose_radio_interview_with_Andrea_Morpurgo_and_Rav_Joseph_Levi_Rond\u00f2_radiostudioerre_it_3_March_2021_\" target=\"_blank\" rel=\"\">\n\t\t\t<div class=\"jet-images-layout__image\">\n\t\t\t\t<img class=\"jet-images-layout__image-instance\" src=\"https:\/\/www.cimiteroebraicogorizia.eu\/wp-content\/uploads\/2021\/03\/Friuli_Venezia_Giulia_e_Slovenia_due_te.jpg\" alt=\"Friuli_Venezia_Giulia_e_Slovenia_due_te\" loading=\"lazy\">\t\t\t<\/div>\n\t\t\t<div class=\"jet-images-layout__content\"><h5 class=\"jet-images-layout__title\">Rond\u00f2 - radiostudioerre.it<\/h5><div class=\"jet-images-layout__desc\">\"Friuli Venezia Giulia e Slovenia due territori per una unica storia multiculturale: la comunit\u00e0 ebraica di Gorizia e il progetto di restauro del suo antico cimitero di Valdirose\", intervista radio con Andrea Morpurgo e Rav Joseph Levi\n<\/br>\n<\/br>\n<\/br>\n<\/br>\n<\/br>\n<\/br>\n3 Marzo 2021<\/div><\/div>\n\t\t<\/a>\n\t<\/div>\n<\/div>\n<div class=\"jet-images-layout__item col-desk-3 col-tab-2\">\n\t<div class=\"jet-images-layout__inner\">\n\t\t<div class=\"jet-images-layout__image-loader\"><span><\/span><\/div>\n\t\t<a class=\"jet-images-layout__link \" href=\"https:\/\/www.cimiteroebraicogorizia.eu\/wp-content\/uploads\/2021\/02\/b9052de053634d6996459d67bf5e5e98-2.pdf\" target=\"_blank\" rel=\"\">\n\t\t\t<div class=\"jet-images-layout__image\">\n\t\t\t\t<img class=\"jet-images-layout__image-instance\" src=\"https:\/\/www.cimiteroebraicogorizia.eu\/wp-content\/uploads\/2021\/02\/Jewish-Heritage-Europe-30-dicembre-2020.jpg\" alt=\"Jewish Heritage Europe 30 dicembre 2020\" loading=\"lazy\">\t\t\t<\/div>\n\t\t\t<div class=\"jet-images-layout__content\"><h5 class=\"jet-images-layout__title\">The Jewish Chronicle<\/h5><div class=\"jet-images-layout__desc\">Heritage unites divided Culture Capital\n<\/br>\n<\/br>\n<\/br>\n<\/br>\n<\/br>\n<\/br>\n<\/br>\n<\/br>\n8 Gennaio 2021<\/div><\/div>\n\t\t<\/a>\n\t<\/div>\n<\/div>\n<div class=\"jet-images-layout__item col-desk-3 col-tab-2\">\n\t<div class=\"jet-images-layout__inner\">\n\t\t<div class=\"jet-images-layout__image-loader\"><span><\/span><\/div>\n\t\t<a class=\"jet-images-layout__link \" href=\"https:\/\/jewish-heritage-europe.eu\/jewish-heritage-in-slovenia-conference-2019\/slovenia-paper-by-andrea-morpurgo\/?fbclid=IwAR2rzlga3RBaphj3U5vOmn8A_FF9PPJYAlH_3H2z0TWrMNr73mkxwRWuiM8\" target=\"_blank\" rel=\"\">\n\t\t\t<div class=\"jet-images-layout__image\">\n\t\t\t\t<img class=\"jet-images-layout__image-instance\" src=\"https:\/\/www.cimiteroebraicogorizia.eu\/wp-content\/uploads\/2021\/02\/rassegna-stampa-gorizia-4.jpg\" alt=\"rassegna-stampa-gorizia-4\" loading=\"lazy\">\t\t\t<\/div>\n\t\t\t<div class=\"jet-images-layout__content\"><h5 class=\"jet-images-layout__title\">Jewish Heritage Europe<\/h5><div class=\"jet-images-layout__desc\">Andrea Morpurgo: The restoration project of the cemetery of the Jewish community of Gorizia in Valdirose. Methodology and strategies to enhance historical and cultural heritage\n<\/br>\n<\/br>\n<\/br>\n<\/br>\n<\/br>\n<\/br>\n<\/br>\n<\/br>\nMarzo 2020<\/div><\/div>\n\t\t<\/a>\n\t<\/div>\n<\/div>\n<div class=\"jet-images-layout__item col-desk-3 col-tab-2\">\n\t<div class=\"jet-images-layout__inner\">\n\t\t<div class=\"jet-images-layout__image-loader\"><span><\/span><\/div>\n\t\t<a class=\"jet-images-layout__link \" href=\"https:\/\/jewish-heritage-europe.eu\/2020\/12\/30\/update-italy-slovenia\/\" target=\"_blank\" rel=\"\">\n\t\t\t<div class=\"jet-images-layout__image\">\n\t\t\t\t<img class=\"jet-images-layout__image-instance\" src=\"https:\/\/www.cimiteroebraicogorizia.eu\/wp-content\/uploads\/2021\/02\/rassegna-stampa-gorizia-2.jpg\" alt=\"rassegna-stampa-gorizia-2\" loading=\"lazy\">\t\t\t<\/div>\n\t\t\t<div class=\"jet-images-layout__content\"><h5 class=\"jet-images-layout__title\">Jewish Heritage Europe<\/h5><div class=\"jet-images-layout__desc\">Update Italy\/Slovenia: The twin cities of Gorizia and Nova Gorica will be European Cultural Capital in 2025. Their shared Jewish heritage plays a fundamental role. (We share the Italian Jewish perspective.)\n<\/br>\n<\/br>\n<\/br>\n<\/br>\n<\/br>\n<\/br>\n<\/br>\n<\/br>\n30 Dicembre 2020<\/div><\/div>\n\t\t<\/a>\n\t<\/div>\n<\/div>\n<div class=\"jet-images-layout__item col-desk-3 col-tab-2\">\n\t<div class=\"jet-images-layout__inner\">\n\t\t<div class=\"jet-images-layout__image-loader\"><span><\/span><\/div>\n\t\t<a class=\"jet-images-layout__link \" href=\"https:\/\/moked.it\/international\/2020\/12\/28\/shared-jewish-heritage-and-values-unite-the-transborder-european-capital-of-culture\/\" target=\"_blank\" rel=\"\">\n\t\t\t<div class=\"jet-images-layout__image\">\n\t\t\t\t<img class=\"jet-images-layout__image-instance\" src=\"https:\/\/www.cimiteroebraicogorizia.eu\/wp-content\/uploads\/2021\/02\/rassegna-stampa-gorizia-1.jpg\" alt=\"rassegna-stampa-gorizia-1\" loading=\"lazy\">\t\t\t<\/div>\n\t\t\t<div class=\"jet-images-layout__content\"><h5 class=\"jet-images-layout__title\">Pagine ebraiche International<\/h5><div class=\"jet-images-layout__desc\">Shared Jewish heritage and values \nunite the transborder European Capital of Culture\n<\/br>\n<\/br>\n<\/br>\n<\/br>\n<\/br>\n<\/br>\n<\/br>\n<\/br>\n28 Dicembre 2020<\/div><\/div>\n\t\t<\/a>\n\t<\/div>\n<\/div>\n<div class=\"jet-images-layout__item col-desk-3 col-tab-2\">\n\t<div class=\"jet-images-layout__inner\">\n\t\t<div class=\"jet-images-layout__image-loader\"><span><\/span><\/div>\n\t\t<a class=\"jet-images-layout__link \" href=\"https:\/\/moked.it\/blog\/2020\/09\/22\/gorizia-ebraica-un-segno-nella-storia-il-progetto-prende-quota\/\" target=\"_blank\" rel=\"\">\n\t\t\t<div class=\"jet-images-layout__image\">\n\t\t\t\t<img class=\"jet-images-layout__image-instance\" src=\"https:\/\/www.cimiteroebraicogorizia.eu\/wp-content\/uploads\/2021\/02\/rassegna-stampa-gorizia-3.jpg\" alt=\"rassegna-stampa-gorizia-3\" loading=\"lazy\">\t\t\t<\/div>\n\t\t\t<div class=\"jet-images-layout__content\"><h5 class=\"jet-images-layout__title\">Moked Pagine ebraiche<\/h5><div class=\"jet-images-layout__desc\">Gorizia ebraica, un segno nella Storia. \nIl progetto prende quota\n<\/br>\n<\/br>\n<\/br>\n<\/br>\n<\/br>\n<\/br>\n<\/br>\n<\/br>\n22 Settembre 2020<\/div><\/div>\n\t\t<\/a>\n\t<\/div>\n<\/div>\n<div class=\"jet-images-layout__item col-desk-3 col-tab-2\">\n\t<div class=\"jet-images-layout__inner\">\n\t\t<div class=\"jet-images-layout__image-loader\"><span><\/span><\/div>\n\t\t<a class=\"jet-images-layout__link \" href=\"https:\/\/www.cimiteroebraicogorizia.eu\/wp-content\/uploads\/2021\/02\/e180d9_8ced82defe804c06bb9a0f41c960970d.pdf\" target=\"_blank\" rel=\"\">\n\t\t\t<div class=\"jet-images-layout__image\">\n\t\t\t\t<img class=\"jet-images-layout__image-instance\" src=\"https:\/\/www.cimiteroebraicogorizia.eu\/wp-content\/uploads\/2021\/02\/rassegna-stampa-gorizia-5.jpg\" alt=\"rassegna-stampa-gorizia-5\" loading=\"lazy\">\t\t\t<\/div>\n\t\t\t<div class=\"jet-images-layout__content\"><h5 class=\"jet-images-layout__title\">Moked Pagine ebraiche<\/h5><div class=\"jet-images-layout__desc\">Le due Gorizie protagoniste a Gerusalemme\n<\/br>\n<\/br>\n<\/br>\n<\/br>\n<\/br>\n<\/br>\n<\/br>\n<\/br>\n21 Novembre 2019<\/div><\/div>\n\t\t<\/a>\n\t<\/div>\n<\/div>\n<div class=\"jet-images-layout__item col-desk-3 col-tab-2\">\n\t<div class=\"jet-images-layout__inner\">\n\t\t<div class=\"jet-images-layout__image-loader\"><span><\/span><\/div>\n\t\t<a class=\"jet-images-layout__link \" href=\"https:\/\/www.cimiteroebraicogorizia.eu\/wp-content\/uploads\/2021\/02\/e180d9_9e98fcb4031b48b298de3d22f1f22dfd.pdf\" target=\"_blank\" rel=\"\">\n\t\t\t<div class=\"jet-images-layout__image\">\n\t\t\t\t<img class=\"jet-images-layout__image-instance\" src=\"https:\/\/www.cimiteroebraicogorizia.eu\/wp-content\/uploads\/2021\/02\/rassegna-stampa-gorizia-7.jpg\" alt=\"rassegna-stampa-gorizia-7\" loading=\"lazy\">\t\t\t<\/div>\n\t\t\t<div class=\"jet-images-layout__content\"><h5 class=\"jet-images-layout__title\">Jewish Heritage Europe<\/h5><div class=\"jet-images-layout__desc\">Gorizia\/Nova Gorica: A unique transborder Jewish cemetery project; Italy and Slovenia\n<\/br>\n<\/br>\n<\/br>\n<\/br>\n<\/br>\n<\/br>\n<\/br>\n<\/br>\n10 Novembre 2017<\/div><\/div>\n\t\t<\/a>\n\t<\/div>\n<\/div>\n<div class=\"jet-images-layout__item col-desk-3 col-tab-2\">\n\t<div class=\"jet-images-layout__inner\">\n\t\t<div class=\"jet-images-layout__image-loader\"><span><\/span><\/div>\n\t\t<a class=\"jet-images-layout__link \" href=\"https:\/\/www.cimiteroebraicogorizia.eu\/wp-content\/uploads\/2021\/02\/e180d9_6f208c1707f4433898d48fac9574c59d.pdf\" target=\"_blank\" rel=\"\">\n\t\t\t<div class=\"jet-images-layout__image\">\n\t\t\t\t<img class=\"jet-images-layout__image-instance\" src=\"https:\/\/www.cimiteroebraicogorizia.eu\/wp-content\/uploads\/2021\/02\/rassegna-stampa-gorizia-10.jpg\" alt=\"rassegna-stampa-gorizia-10\" loading=\"lazy\">\t\t\t<\/div>\n\t\t\t<div class=\"jet-images-layout__content\"><h5 class=\"jet-images-layout__title\">Moked Pagine ebraiche<\/h5><div class=\"jet-images-layout__desc\">Un progetto per le due Gorizie ebraiche\n<\/br>\n<\/br>\n<\/br>\n<\/br>\n<\/br>\n<\/br>\n<\/br>\n<\/br>\n28 Giugno 2017<\/div><\/div>\n\t\t<\/a>\n\t<\/div>\n<\/div>\n<div class=\"jet-images-layout__item col-desk-3 col-tab-2\">\n\t<div class=\"jet-images-layout__inner\">\n\t\t<div class=\"jet-images-layout__image-loader\"><span><\/span><\/div>\n\t\t<a class=\"jet-images-layout__link \" href=\"https:\/\/www.cimiteroebraicogorizia.eu\/wp-content\/uploads\/2021\/02\/e180d9_dbe7a30ff60348a1b239b3d5d6f6a0e9.pdf\" target=\"_blank\" rel=\"\">\n\t\t\t<div class=\"jet-images-layout__image\">\n\t\t\t\t<img class=\"jet-images-layout__image-instance\" src=\"https:\/\/www.cimiteroebraicogorizia.eu\/wp-content\/uploads\/2021\/02\/rassegna-stampa-gorizia-11.jpg\" alt=\"rassegna-stampa-gorizia-11\" loading=\"lazy\">\t\t\t<\/div>\n\t\t\t<div class=\"jet-images-layout__content\"><h5 class=\"jet-images-layout__title\">Moked Pagine ebraiche<\/h5><div class=\"jet-images-layout__desc\">Da Gorizia ai progetti per il Sud, Consiglio Fbcei al lavoro a Trieste\n<\/br>\n<\/br>\n<\/br>\n<\/br>\n<\/br>\n<\/br>\n<\/br>\n<\/br>\n27 Giugno 2017<\/div><\/div>\n\t\t<\/a>\n\t<\/div>\n<\/div>\n<div class=\"jet-images-layout__item col-desk-3 col-tab-2\">\n\t<div class=\"jet-images-layout__inner\">\n\t\t<div class=\"jet-images-layout__image-loader\"><span><\/span><\/div>\n\t\t<a class=\"jet-images-layout__link \" href=\"https:\/\/www.cimiteroebraicogorizia.eu\/wp-content\/uploads\/2021\/02\/e180d9_f22e552785b24d67a8de50cbd2d22040-1.pdf\" target=\"_blank\" rel=\"\">\n\t\t\t<div class=\"jet-images-layout__image\">\n\t\t\t\t<img class=\"jet-images-layout__image-instance\" src=\"https:\/\/www.cimiteroebraicogorizia.eu\/wp-content\/uploads\/2021\/02\/rassegna-stampa-gorizia-8.jpg\" alt=\"rassegna-stampa-gorizia-8\" loading=\"lazy\">\t\t\t<\/div>\n\t\t\t<div class=\"jet-images-layout__content\"><h5 class=\"jet-images-layout__title\">Iarchon<\/h5><div class=\"jet-images-layout__desc\">Interesse europeo\nper il cimitero ebraico\ndi Valdirose\n<\/br>\n<\/br>\n<\/br>\n<\/br>\n<\/br>\n<\/br>\n<\/br>\n<\/br>\nNovembre 2017<\/div><\/div>\n\t\t<\/a>\n\t<\/div>\n<\/div>\n<div class=\"jet-images-layout__item col-desk-3 col-tab-2\">\n\t<div class=\"jet-images-layout__inner\">\n\t\t<div class=\"jet-images-layout__image-loader\"><span><\/span><\/div>\n\t\t<a class=\"jet-images-layout__link \" href=\"https:\/\/www.cimiteroebraicogorizia.eu\/wp-content\/uploads\/2021\/02\/e180d9_fd73c5fc8fb04b8a86cd6d857a78877e.pdf\" target=\"_blank\" rel=\"\">\n\t\t\t<div class=\"jet-images-layout__image\">\n\t\t\t\t<img class=\"jet-images-layout__image-instance\" src=\"https:\/\/www.cimiteroebraicogorizia.eu\/wp-content\/uploads\/2021\/02\/rassegna-stampa-gorizia-9.jpg\" alt=\"rassegna-stampa-gorizia-9\" loading=\"lazy\">\t\t\t<\/div>\n\t\t\t<div class=\"jet-images-layout__content\"><h5 class=\"jet-images-layout__title\">Moked Pagine ebraiche<\/h5><div class=\"jet-images-layout__desc\">Beni culturali, il progetto per Gorizia\n<\/br>\n<\/br>\n<\/br>\n<\/br>\n<\/br>\n<\/br>\n<\/br>\n<\/br>\n Luglio 2017<\/div><\/div>\n\t\t<\/a>\n\t<\/div>\n<\/div>\n<div class=\"jet-images-layout__item col-desk-3 col-tab-2\">\n\t<div class=\"jet-images-layout__inner\">\n\t\t<div class=\"jet-images-layout__image-loader\"><span><\/span><\/div>\n\t\t<a class=\"jet-images-layout__link \" href=\"https:\/\/www.cimiteroebraicogorizia.eu\/wp-content\/uploads\/2021\/02\/e180d9_00dac8cf8b594fec831ca3a569c47ec6.pdf\" target=\"_blank\" rel=\"\">\n\t\t\t<div class=\"jet-images-layout__image\">\n\t\t\t\t<img class=\"jet-images-layout__image-instance\" src=\"https:\/\/www.cimiteroebraicogorizia.eu\/wp-content\/uploads\/2021\/02\/rassegna-stampa-gorizia-13.jpg\" alt=\"rassegna-stampa-gorizia-13\" loading=\"lazy\">\t\t\t<\/div>\n\t\t\t<div class=\"jet-images-layout__content\"><h5 class=\"jet-images-layout__title\">Kronika<\/h5><div class=\"jet-images-layout__desc\">\u00bbHi\u0161a \u017eive\u010dih\u00ab v Ro\u017eni Dolini Judovsko pokopali\u0161\u010de med Gorico in Novo Gorico*\n<\/br>\n<\/br>\n<\/br>\n<\/br>\n<\/br>\n<\/br>\n<\/br>\n<\/br>\n 19 Marzo 2017<\/div><\/div>\n\t\t<\/a>\n\t<\/div>\n<\/div>\n<div class=\"jet-images-layout__item col-desk-3 col-tab-2\">\n\t<div class=\"jet-images-layout__inner\">\n\t\t<div class=\"jet-images-layout__image-loader\"><span><\/span><\/div>\n\t\t<a class=\"jet-images-layout__link \" href=\"https:\/\/www.cimiteroebraicogorizia.eu\/wp-content\/uploads\/2021\/02\/e180d9_916e1bf9292f45278313010a5bd8c12b.pdf\" target=\"_blank\" rel=\"\">\n\t\t\t<div class=\"jet-images-layout__image\">\n\t\t\t\t<img class=\"jet-images-layout__image-instance\" src=\"https:\/\/www.cimiteroebraicogorizia.eu\/wp-content\/uploads\/2021\/02\/rassegna-stampa-gorizia-14.jpg\" alt=\"rassegna-stampa-gorizia-14\" loading=\"lazy\">\t\t\t<\/div>\n\t\t\t<div class=\"jet-images-layout__content\"><h5 class=\"jet-images-layout__title\">Primorski Dnevnik<\/h5><div class=\"jet-images-layout__desc\">Lokala v ve\u017eici ve\u010d, ponuja se prilo\u017enost za druga\u010dne vsebine\n<\/br>\n<\/br>\n<\/br>\n<\/br>\n<\/br>\n<\/br>\n<\/br>\n<\/br>\n Luglio 2017<\/div><\/div>\n\t\t<\/a>\n\t<\/div>\n<\/div>\n<div class=\"jet-images-layout__item col-desk-3 col-tab-2\">\n\t<div class=\"jet-images-layout__inner\">\n\t\t<div class=\"jet-images-layout__image-loader\"><span><\/span><\/div>\n\t\t<a class=\"jet-images-layout__link \" href=\"https:\/\/www.cimiteroebraicogorizia.eu\/wp-content\/uploads\/2021\/02\/e180d9_375eba1286c44090a5705fc5c015857f.pdf\" target=\"_blank\" rel=\"\">\n\t\t\t<div class=\"jet-images-layout__image\">\n\t\t\t\t<img class=\"jet-images-layout__image-instance\" src=\"https:\/\/www.cimiteroebraicogorizia.eu\/wp-content\/uploads\/2021\/02\/rassegna-stampa-gorizia-12.jpg\" alt=\"rassegna-stampa-gorizia-12\" loading=\"lazy\">\t\t\t<\/div>\n\t\t\t<div class=\"jet-images-layout__content\"><h5 class=\"jet-images-layout__title\">Primorski Dnevnik<\/h5><div class=\"jet-images-layout__desc\">Povezovanje s sinagogo bi prineslo vzajemne koristi\n<\/br>\n<\/br>\n<\/br>\n<\/br>\n<\/br>\n<\/br>\n<\/br>\n<\/br>\n4 Gennaio 2017<\/div><\/div>\n\t\t<\/a>\n\t<\/div>\n<\/div>\n<div class=\"jet-images-layout__item col-desk-3 col-tab-2\">\n\t<div class=\"jet-images-layout__inner\">\n\t\t<div class=\"jet-images-layout__image-loader\"><span><\/span><\/div>\n\t\t<a class=\"jet-images-layout__link \" href=\"https:\/\/www.cimiteroebraicogorizia.eu\/wp-content\/uploads\/2021\/02\/e180d9_acb5337d7f0b46cda17c90b6b81c6be3.pdf\" target=\"_blank\" rel=\"\">\n\t\t\t<div class=\"jet-images-layout__image\">\n\t\t\t\t<img class=\"jet-images-layout__image-instance\" src=\"https:\/\/www.cimiteroebraicogorizia.eu\/wp-content\/uploads\/2021\/02\/rassegna-stampa-gorizia-15jpg.jpg\" alt=\"rassegna-stampa-gorizia-15,jpg\" loading=\"lazy\">\t\t\t<\/div>\n\t\t\t<div class=\"jet-images-layout__content\"><h5 class=\"jet-images-layout__title\">Moked Pagine ebraiche<\/h5><div class=\"jet-images-layout__desc\">Fondazione beni culturali ebraici in Italia Da Gorizia a Firenze, i progetti. Nel segno della cultura ebraica\n<\/br>\n<\/br>\n<\/br>\n<\/br>\n<\/br>\n<\/br>\n<\/br>\n<\/br>\n19 Luglio 2016<\/div><\/div>\n\t\t<\/a>\n\t<\/div>\n<\/div>\n<div class=\"jet-images-layout__item col-desk-3 col-tab-2\">\n\t<div class=\"jet-images-layout__inner\">\n\t\t<div class=\"jet-images-layout__image-loader\"><span><\/span><\/div>\n\t\t<a class=\"jet-images-layout__link \" href=\"https:\/\/www.cimiteroebraicogorizia.eu\/wp-content\/uploads\/2021\/02\/e180d9_340591c2f9534c71a2aae5f5df745cbe.pdf\" target=\"_blank\" rel=\"\">\n\t\t\t<div class=\"jet-images-layout__image\">\n\t\t\t\t<img class=\"jet-images-layout__image-instance\" src=\"https:\/\/www.cimiteroebraicogorizia.eu\/wp-content\/uploads\/2021\/02\/rassegna-stampa-gorizia-16.jpg\" alt=\"rassegna-stampa-gorizia-16\" loading=\"lazy\">\t\t\t<\/div>\n\t\t\t<div class=\"jet-images-layout__content\"><h5 class=\"jet-images-layout__title\">Moked Pagine ebraiche<\/h5><div class=\"jet-images-layout__desc\">Valdirose, cade la frontiera\n<\/br>\n<\/br>\n<\/br>\n<\/br>\n<\/br>\n<\/br>\n<\/br>\n<\/br>\n19 Marzo 2016<\/div><\/div>\n\t\t<\/a>\n\t<\/div>\n<\/div>\n<div class=\"jet-images-layout__item col-desk-3 col-tab-2\">\n\t<div class=\"jet-images-layout__inner\">\n\t\t<div class=\"jet-images-layout__image-loader\"><span><\/span><\/div>\n\t\t<a class=\"jet-images-layout__link \" href=\"https:\/\/www.cimiteroebraicogorizia.eu\/wp-content\/uploads\/2021\/02\/e180d9_2cc3ca789ff145989fc874b298a67d4d.pdf\" target=\"_blank\" rel=\"\">\n\t\t\t<div class=\"jet-images-layout__image\">\n\t\t\t\t<img class=\"jet-images-layout__image-instance\" src=\"https:\/\/www.cimiteroebraicogorizia.eu\/wp-content\/uploads\/2021\/02\/rassegna-stampa-gorizia-17.jpg\" alt=\"rassegna-stampa-gorizia-17\" loading=\"lazy\">\t\t\t<\/div>\n\t\t\t<div class=\"jet-images-layout__content\"><h5 class=\"jet-images-layout__title\">Moked Pagine ebraiche<\/h5><div class=\"jet-images-layout__desc\">Le due Gorizie riconquistano la Memoria.\n Cade l\u2019ultimo confine dell\u2019Europa ebraica\n<\/br>\n<\/br>\n<\/br>\n<\/br>\n<\/br>\n<\/br>\n<\/br>\n<\/br>\n24 gennaio 2016<\/div><\/div>\n\t\t<\/a>\n\t<\/div>\n<\/div>\n<div class=\"jet-images-layout__item col-desk-3 col-tab-2\">\n\t<div class=\"jet-images-layout__inner\">\n\t\t<div class=\"jet-images-layout__image-loader\"><span><\/span><\/div>\n\t\t<a class=\"jet-images-layout__link \" href=\"https:\/\/www.cimiteroebraicogorizia.eu\/wp-content\/uploads\/2021\/02\/e180d9_c76e9c370b144bec9b0f98b6d063ffd9.pdf\" target=\"_blank\" rel=\"\">\n\t\t\t<div class=\"jet-images-layout__image\">\n\t\t\t\t<img class=\"jet-images-layout__image-instance\" src=\"https:\/\/www.cimiteroebraicogorizia.eu\/wp-content\/uploads\/2021\/02\/rassegna-stampa-gorizia-18.jpg\" alt=\"rassegna-stampa-gorizia-18\" loading=\"lazy\">\t\t\t<\/div>\n\t\t\t<div class=\"jet-images-layout__content\"><h5 class=\"jet-images-layout__title\">Il Piccolo<\/h5><div class=\"jet-images-layout__desc\">Un itinerario tra la storia ebraica\n<\/br>\n<\/br>\n<\/br>\n<\/br>\n<\/br>\n<\/br>\n<\/br>\n<\/br>\n23 Gennaio 2016<\/div><\/div>\n\t\t<\/a>\n\t<\/div>\n<\/div>\n<div class=\"jet-images-layout__item col-desk-3 col-tab-2\">\n\t<div class=\"jet-images-layout__inner\">\n\t\t<div class=\"jet-images-layout__image-loader\"><span><\/span><\/div>\n\t\t<a class=\"jet-images-layout__link \" href=\"https:\/\/www.cimiteroebraicogorizia.eu\/wp-content\/uploads\/2021\/02\/e180d9_dab85f3c5d2f4f4d93e8aefea2bce650-1.pdf\" target=\"_blank\" rel=\"\">\n\t\t\t<div class=\"jet-images-layout__image\">\n\t\t\t\t<img class=\"jet-images-layout__image-instance\" src=\"https:\/\/www.cimiteroebraicogorizia.eu\/wp-content\/uploads\/2021\/02\/rassegna-stampa-gorizia-19.jpg\" alt=\"rassegna-stampa-gorizia-19\" loading=\"lazy\">\t\t\t<\/div>\n\t\t\t<div class=\"jet-images-layout__content\"><h5 class=\"jet-images-layout__title\">Il Foglio Goriziano<\/h5><div class=\"jet-images-layout__desc\">Shoah, turismo senza confini\n<\/br>\n<\/br>\n<\/br>\n<\/br>\n<\/br>\n<\/br>\n<\/br>\n<\/br>\n23 Gennaio 2016<\/div><\/div>\n\t\t<\/a>\n\t<\/div>\n<\/div>\n<\/div><\/div>\n<\/div>\t\t<\/div>\n\t\t\t\t<\/div>\n\t\t\t\t\t\t<\/div>\n\t\t\t\t\t<\/div>\n\t\t<\/div>\n\t\t\t\t\t\t\t\t<\/div>\n\t\t\t\t\t<\/div>\n\t\t<\/section>\n\t\t\t\t\t\t<\/div>\n\t\t\t\t\t\t<\/div>\n\t\t\t\t\t<\/div>\n\t\t","protected":false},"excerpt":{"rendered":"<p>PREGLED TISKA Rond\u00f2 &#8211; radiostudioerre.it &#8220;Friuli Venezia Giulia e Slovenia due territori per una unica storia multiculturale: la comunit\u00e0 ebraica di Gorizia e il progetto di restauro del suo antico cimitero di Valdirose&#8221;, intervista radio con Andrea Morpurgo e Rav Joseph Levi 3 Marzo 2021 The Jewish Chronicle Heritage unites divided Culture Capital 8 Gennaio [&hellip;]<\/p>\n","protected":false},"author":1,"featured_media":0,"parent":0,"menu_order":0,"comment_status":"closed","ping_status":"closed","template":"","meta":[],"yoast_head":"<!-- This site is optimized with the Yoast SEO plugin v16.3 - https:\/\/yoast.com\/wordpress\/plugins\/seo\/ -->\n<title>PREGLED TISKA - Cimitero ebraico Gorizia<\/title>\n<meta name=\"robots\" content=\"index, follow, max-snippet:-1, max-image-preview:large, max-video-preview:-1\" \/>\n<link rel=\"canonical\" href=\"https:\/\/www.cimiteroebraicogorizia.eu\/sl\/pregled-tiska\/\" \/>\n<meta property=\"og:locale\" content=\"sl_SI\" \/>\n<meta property=\"og:type\" content=\"article\" \/>\n<meta property=\"og:title\" content=\"PREGLED TISKA - Cimitero ebraico Gorizia\" \/>\n<meta property=\"og:description\" content=\"PREGLED TISKA Rond\u00f2 &#8211; radiostudioerre.it &#8220;Friuli Venezia Giulia e Slovenia due territori per una unica storia multiculturale: la comunit\u00e0 ebraica di Gorizia e il progetto di restauro del suo antico cimitero di Valdirose&#8221;, intervista radio con Andrea Morpurgo e Rav Joseph Levi 3 Marzo 2021 The Jewish Chronicle Heritage unites divided Culture Capital 8 Gennaio [&hellip;]\" \/>\n<meta property=\"og:url\" content=\"https:\/\/www.cimiteroebraicogorizia.eu\/sl\/pregled-tiska\/\" \/>\n<meta property=\"og:site_name\" content=\"Cimitero ebraico Gorizia\" \/>\n<meta property=\"article:modified_time\" content=\"2021-05-10T12:15:51+00:00\" \/>\n<meta property=\"og:image\" content=\"https:\/\/www.cimiteroebraicogorizia.eu\/wp-content\/uploads\/2021\/03\/Friuli_Venezia_Giulia_e_Slovenia_due_te.jpg\" \/>\n<meta name=\"twitter:card\" content=\"summary_large_image\" \/>\n<meta name=\"twitter:label1\" content=\"Est. reading time\">\n\t<meta name=\"twitter:data1\" content=\"2 minuti\">\n<script type=\"application\/ld+json\" class=\"yoast-schema-graph\">{\"@context\":\"https:\/\/schema.org\",\"@graph\":[{\"@type\":\"WebSite\",\"@id\":\"https:\/\/www.cimiteroebraicogorizia.eu\/#website\",\"url\":\"https:\/\/www.cimiteroebraicogorizia.eu\/\",\"name\":\"Cimitero ebraico Gorizia\",\"description\":\"Progetto di restauro\",\"potentialAction\":[{\"@type\":\"SearchAction\",\"target\":\"https:\/\/www.cimiteroebraicogorizia.eu\/?s={search_term_string}\",\"query-input\":\"required name=search_term_string\"}],\"inLanguage\":\"sl-SI\"},{\"@type\":\"ImageObject\",\"@id\":\"https:\/\/www.cimiteroebraicogorizia.eu\/sl\/pregled-tiska\/#primaryimage\",\"inLanguage\":\"sl-SI\",\"url\":\"https:\/\/www.cimiteroebraicogorizia.eu\/wp-content\/uploads\/2021\/03\/Friuli_Venezia_Giulia_e_Slovenia_due_te.jpg\",\"contentUrl\":\"https:\/\/www.cimiteroebraicogorizia.eu\/wp-content\/uploads\/2021\/03\/Friuli_Venezia_Giulia_e_Slovenia_due_te.jpg\",\"width\":1000,\"height\":838},{\"@type\":\"WebPage\",\"@id\":\"https:\/\/www.cimiteroebraicogorizia.eu\/sl\/pregled-tiska\/#webpage\",\"url\":\"https:\/\/www.cimiteroebraicogorizia.eu\/sl\/pregled-tiska\/\",\"name\":\"PREGLED TISKA - Cimitero ebraico Gorizia\",\"isPartOf\":{\"@id\":\"https:\/\/www.cimiteroebraicogorizia.eu\/#website\"},\"primaryImageOfPage\":{\"@id\":\"https:\/\/www.cimiteroebraicogorizia.eu\/sl\/pregled-tiska\/#primaryimage\"},\"datePublished\":\"2021-02-17T11:01:59+00:00\",\"dateModified\":\"2021-05-10T12:15:51+00:00\",\"breadcrumb\":{\"@id\":\"https:\/\/www.cimiteroebraicogorizia.eu\/sl\/pregled-tiska\/#breadcrumb\"},\"inLanguage\":\"sl-SI\",\"potentialAction\":[{\"@type\":\"ReadAction\",\"target\":[\"https:\/\/www.cimiteroebraicogorizia.eu\/sl\/pregled-tiska\/\"]}]},{\"@type\":\"BreadcrumbList\",\"@id\":\"https:\/\/www.cimiteroebraicogorizia.eu\/sl\/pregled-tiska\/#breadcrumb\",\"itemListElement\":[{\"@type\":\"ListItem\",\"position\":1,\"item\":{\"@type\":\"WebPage\",\"@id\":\"https:\/\/www.cimiteroebraicogorizia.eu\/sl\/\",\"url\":\"https:\/\/www.cimiteroebraicogorizia.eu\/sl\/\",\"name\":\"Home\"}},{\"@type\":\"ListItem\",\"position\":2,\"item\":{\"@id\":\"https:\/\/www.cimiteroebraicogorizia.eu\/sl\/pregled-tiska\/#webpage\"}}]}]}<\/script>\n<!-- \/ Yoast SEO plugin. -->","_links":{"self":[{"href":"https:\/\/www.cimiteroebraicogorizia.eu\/sl\/wp-json\/wp\/v2\/pages\/1246"}],"collection":[{"href":"https:\/\/www.cimiteroebraicogorizia.eu\/sl\/wp-json\/wp\/v2\/pages"}],"about":[{"href":"https:\/\/www.cimiteroebraicogorizia.eu\/sl\/wp-json\/wp\/v2\/types\/page"}],"author":[{"embeddable":true,"href":"https:\/\/www.cimiteroebraicogorizia.eu\/sl\/wp-json\/wp\/v2\/users\/1"}],"replies":[{"embeddable":true,"href":"https:\/\/www.cimiteroebraicogorizia.eu\/sl\/wp-json\/wp\/v2\/comments?post=1246"}],"version-history":[{"count":6,"href":"https:\/\/www.cimiteroebraicogorizia.eu\/sl\/wp-json\/wp\/v2\/pages\/1246\/revisions"}],"predecessor-version":[{"id":1288,"href":"https:\/\/www.cimiteroebraicogorizia.eu\/sl\/wp-json\/wp\/v2\/pages\/1246\/revisions\/1288"}],"wp:attachment":[{"href":"https:\/\/www.cimiteroebraicogorizia.eu\/sl\/wp-json\/wp\/v2\/media?parent=1246"}],"curies":[{"name":"wp","href":"https:\/\/api.w.org\/{rel}","templated":true}]}}